{"id":882,"date":"2024-08-02T17:02:31","date_gmt":"2024-08-02T15:02:31","guid":{"rendered":"https:\/\/evolutinteriordesign.com\/projectes-realitzats\/"},"modified":"2024-11-19T10:01:37","modified_gmt":"2024-11-19T09:01:37","slug":"projectes-realitzats","status":"publish","type":"page","link":"https:\/\/evolutinteriordesign.com\/ca\/projectes-realitzats\/","title":{"rendered":"Projectes realitzats"},"content":{"rendered":"<p>[et_pb_section fb_built=&#8221;1&#8243; custom_padding_last_edited=&#8221;on|phone&#8221; _builder_version=&#8221;4.27.0&#8243; _module_preset=&#8221;default&#8221; background_image=&#8221;https:\/\/evolutinteriordesign.com\/wp-content\/uploads\/2024\/08\/header-proyectos-evolut.webp&#8221; background_size=&#8221;initial&#8221; custom_padding=&#8221;15em||7em||false|false&#8221; custom_padding_tablet=&#8221;10em||||false|false&#8221; custom_padding_phone=&#8221;||5px||false|false&#8221; background_last_edited=&#8221;off|desktop&#8221; background_size_tablet=&#8221;contain&#8221; locked=&#8221;off&#8221; global_colors_info=&#8221;{}&#8221;][et_pb_row _builder_version=&#8221;4.27.0&#8243; _module_preset=&#8221;default&#8221; width=&#8221;90%&#8221; global_colors_info=&#8221;{}&#8221;][et_pb_column type=&#8221;4_4&#8243; _builder_version=&#8221;4.27.0&#8243; _module_preset=&#8221;default&#8221; global_colors_info=&#8221;{}&#8221;][et_pb_text _builder_version=&#8221;4.27.0&#8243; _module_preset=&#8221;default&#8221; header_3_font=&#8221;Antonio|300||on|||||&#8221; header_3_text_align=&#8221;left&#8221; header_3_text_color=&#8221;gcid-primary-color&#8221; header_3_font_size=&#8221;25px&#8221; header_3_letter_spacing=&#8221;2px&#8221; custom_margin=&#8221;||1em||false|false&#8221; header_3_text_align_tablet=&#8221;center&#8221; header_3_text_align_phone=&#8221;center&#8221; header_3_text_align_last_edited=&#8221;on|tablet&#8221; header_3_font_size_tablet=&#8221;25px&#8221; header_3_font_size_phone=&#8221;25px&#8221; header_3_font_size_last_edited=&#8221;on|tablet&#8221; global_colors_info=&#8221;{%22gcid-primary-color%22:%91%22header_3_text_color%22%93}&#8221;]<\/p>\n<h3>Evolut Interior Design<\/h3>\n<p>[\/et_pb_text][et_pb_text _builder_version=&#8221;4.27.0&#8243; _module_preset=&#8221;default&#8221; text_font=&#8221;&#8211;et_global_heading_font||||||||&#8221; text_text_color=&#8221;#FFFFFF&#8221; text_font_size=&#8221;50px&#8221; text_line_height=&#8221;1.2em&#8221; header_font=&#8221;&#8211;et_global_heading_font||||||||&#8221; header_text_align=&#8221;left&#8221; header_font_size=&#8221;70px&#8221; header_3_font=&#8221;Antonio|300||on|||||&#8221; header_3_text_align=&#8221;left&#8221; header_3_text_color=&#8221;gcid-primary-color&#8221; header_3_font_size=&#8221;25px&#8221; header_3_letter_spacing=&#8221;2px&#8221; custom_margin=&#8221;||1em||false|false&#8221; text_font_size_tablet=&#8221;45px&#8221; text_font_size_phone=&#8221;40px&#8221; text_font_size_last_edited=&#8221;on|phone&#8221; text_orientation_tablet=&#8221;center&#8221; text_orientation_phone=&#8221;center&#8221; text_orientation_last_edited=&#8221;on|tablet&#8221; global_colors_info=&#8221;{%22gcid-primary-color%22:%91%22header_3_text_color%22%93}&#8221;]<\/p>\n<p>Projectes realitzats<\/p>\n<p>[\/et_pb_text][\/et_pb_column][\/et_pb_row][\/et_pb_section][et_pb_section fb_built=&#8221;1&#8243; module_class=&#8221;proyectos-container&#8221; _builder_version=&#8221;4.27.0&#8243; _module_preset=&#8221;default&#8221; background_color=&#8221;gcid-e59ea449-f128-46e3-bbb1-227850193821&#8243; global_colors_info=&#8221;{%22gcid-e59ea449-f128-46e3-bbb1-227850193821%22:%91%22background_color%22%93}&#8221;][et_pb_row column_structure=&#8221;1_2,1_2&#8243; module_id=&#8221;proyecto-1&#8243; module_class=&#8221;proyecto&#8221; _builder_version=&#8221;4.27.0&#8243; _module_preset=&#8221;default&#8221; width=&#8221;90%&#8221; custom_css_main_element=&#8221;align-items: center;&#8221; global_colors_info=&#8221;{}&#8221;][et_pb_column type=&#8221;1_2&#8243; _builder_version=&#8221;4.27.0&#8243; _module_preset=&#8221;default&#8221; hover_enabled=&#8221;0&#8243; global_colors_info=&#8221;{}&#8221; sticky_enabled=&#8221;0&#8243;][et_pb_slider _builder_version=&#8221;4.27.2&#8243; _module_preset=&#8221;default&#8221; custom_margin=&#8221;0px|0px|0px|0px|false|false&#8221; custom_padding=&#8221;0px|0px|0px|0px|false|false&#8221; animation_style=&#8221;fade&#8221; animation_direction=&#8221;left&#8221; animation_duration=&#8221;1100ms&#8221; hover_enabled=&#8221;0&#8243; custom_css_slide_description=&#8221;margin-bottom: 5em;&#8221; custom_css_slide_title=&#8221;display: none;&#8221; custom_css_slide_arrows=&#8221;display: none;&#8221; global_colors_info=&#8221;{}&#8221; sticky_enabled=&#8221;0&#8243;][et_pb_slide heading=&#8221;Slider 1&#8243; _builder_version=&#8221;4.27.0&#8243; _module_preset=&#8221;default&#8221; background_enable_color=&#8221;off&#8221; background_enable_image=&#8221;off&#8221; hover_enabled=&#8221;0&#8243; global_colors_info=&#8221;{}&#8221; sticky_transition=&#8221;on&#8221; sticky_enabled=&#8221;0&#8243;]<\/p>\n<p><img loading=\"lazy\" decoding=\"async\" class=\"wp-image-546 alignnone size-full\" src=\"https:\/\/evolutinteriordesign.com\/wp-content\/uploads\/2024\/08\/Mesa-de-trabajo-44.webp\" alt=\"proyecto-1-evolut\" width=\"645\" height=\"671\" srcset=\"https:\/\/evolutinteriordesign.com\/wp-content\/uploads\/2024\/08\/Mesa-de-trabajo-44.webp 645w, https:\/\/evolutinteriordesign.com\/wp-content\/uploads\/2024\/08\/Mesa-de-trabajo-44-480x499.webp 480w\" sizes=\"auto, (min-width: 0px) and (max-width: 480px) 480px, (min-width: 481px) 645px, 100vw\" \/><\/p>\n<p>[\/et_pb_slide][et_pb_slide heading=&#8221;Slider 2&#8243; _builder_version=&#8221;4.27.0&#8243; _module_preset=&#8221;default&#8221; background_enable_color=&#8221;off&#8221; background_enable_image=&#8221;off&#8221; global_colors_info=&#8221;{}&#8221; sticky_transition=&#8221;on&#8221;]<\/p>\n<p><img loading=\"lazy\" decoding=\"async\" class=\"wp-image-546 alignnone size-full\" src=\"https:\/\/evolutinteriordesign.com\/wp-content\/uploads\/2024\/09\/proyectos-sant-cugat-evolut.webp\" alt=\"proyecto-1-evolut\" width=\"645\" height=\"671\" \/><\/p>\n<p>[\/et_pb_slide][\/et_pb_slider][\/et_pb_column][et_pb_column type=&#8221;1_2&#8243; _builder_version=&#8221;4.27.0&#8243; _module_preset=&#8221;default&#8221; global_colors_info=&#8221;{}&#8221;][et_pb_text _builder_version=&#8221;4.27.0&#8243; _module_preset=&#8221;default&#8221; header_3_font=&#8221;Antonio|300||on|||||&#8221; header_3_text_align=&#8221;left&#8221; header_3_text_color=&#8221;gcid-primary-color&#8221; header_3_font_size=&#8221;25px&#8221; header_3_letter_spacing=&#8221;2px&#8221; custom_margin=&#8221;||1em||false|false&#8221; header_3_text_align_tablet=&#8221;center&#8221; header_3_text_align_phone=&#8221;center&#8221; header_3_text_align_last_edited=&#8221;on|tablet&#8221; header_3_font_size_tablet=&#8221;25px&#8221; header_3_font_size_phone=&#8221;25px&#8221; header_3_font_size_last_edited=&#8221;on|tablet&#8221; locked=&#8221;off&#8221; global_colors_info=&#8221;{%22gcid-primary-color%22:%91%22header_3_text_color%22%93}&#8221;]<\/p>\n<h3>Sant Cugat<\/h3>\n<p>[\/et_pb_text][et_pb_text _builder_version=&#8221;4.27.0&#8243; _module_preset=&#8221;default&#8221; text_font=&#8221;&#8211;et_global_heading_font||||||||&#8221; text_text_color=&#8221;#FFFFFF&#8221; text_font_size=&#8221;50px&#8221; text_line_height=&#8221;1.2em&#8221; header_font=&#8221;&#8211;et_global_heading_font||||||||&#8221; header_text_align=&#8221;left&#8221; header_font_size=&#8221;70px&#8221; header_3_font=&#8221;Antonio|300||on|||||&#8221; header_3_text_align=&#8221;left&#8221; header_3_text_color=&#8221;gcid-primary-color&#8221; header_3_font_size=&#8221;25px&#8221; header_3_letter_spacing=&#8221;2px&#8221; custom_margin=&#8221;||0.5em||false|false&#8221; text_font_size_tablet=&#8221;45px&#8221; text_font_size_phone=&#8221;40px&#8221; text_font_size_last_edited=&#8221;on|phone&#8221; text_orientation_tablet=&#8221;center&#8221; text_orientation_phone=&#8221;center&#8221; text_orientation_last_edited=&#8221;on|tablet&#8221; locked=&#8221;off&#8221; global_colors_info=&#8221;{%22gcid-primary-color%22:%91%22header_3_text_color%22%93}&#8221;]<\/p>\n<p>Potenciant la llum natural al menjador<\/p>\n<p>[\/et_pb_text][et_pb_text _builder_version=&#8221;4.27.0&#8243; _module_preset=&#8221;default&#8221; text_text_color=&#8221;#FFFFFF&#8221; text_line_height=&#8221;2em&#8221; custom_margin=&#8221;0px||||false|false&#8221; custom_padding=&#8221;0px||||false|false&#8221; text_orientation_tablet=&#8221;center&#8221; text_orientation_phone=&#8221;center&#8221; text_orientation_last_edited=&#8221;on|tablet&#8221; custom_css_free_form=&#8221;selector p {||  padding: 1em 0;||}&#8221; global_colors_info=&#8221;{}&#8221;]<\/p>\n<p>La reforma del menjador a una casa a Sant Cugat busca crear un espai modern i acollidor. Optem per una paleta de colors neutres, combinada amb tocs de fusta natural per aportar calidesa. La il\u00b7luminaci\u00f3 s&#8217;ha millorat amb llums penjants i llums encastats que destaquen les zones clau del menjador.  <\/p>\n<p>El mobiliari ha estat seleccionat amb cura per maximitzar el confort i la funcionalitat. Hem incorporat una taula de menjador \u00e0mplia i cadires ergon\u00f2miques, perfectes per a reunions familiars i sopars amb amics. A m\u00e9s, s&#8217;hi van afegir prestatgeries integrades per a un emmagatzematge eficient sense comprometre el disseny elegant de l&#8217;espai.  <\/p>\n<p>Per millorar la connexi\u00f3 amb la resta de la casa, hem obert el menjador cap a la cuina amb una barra americana. Aquest canvi no nom\u00e9s amplia visualment lespai, sin\u00f3 que tamb\u00e9 facilita la interacci\u00f3 durant els \u00e0pats. La reforma ha transformat el menjador en un ambient vers\u00e0til i sofisticat, ideal per a l&#8217;estil de vida de Sant Cugat.  <\/p>\n<p>[\/et_pb_text][\/et_pb_column][\/et_pb_row][et_pb_row column_structure=&#8221;1_2,1_2&#8243; module_id=&#8221;proyecto-2&#8243; module_class=&#8221;proyecto&#8221; _builder_version=&#8221;4.27.0&#8243; _module_preset=&#8221;default&#8221; width=&#8221;90%&#8221; custom_css_main_element=&#8221;align-items: center;&#8221; global_colors_info=&#8221;{}&#8221;][et_pb_column type=&#8221;1_2&#8243; _builder_version=&#8221;4.27.0&#8243; _module_preset=&#8221;default&#8221; global_colors_info=&#8221;{}&#8221;][et_pb_text _builder_version=&#8221;4.27.0&#8243; _module_preset=&#8221;default&#8221; header_3_font=&#8221;Antonio|300||on|||||&#8221; header_3_text_align=&#8221;left&#8221; header_3_text_color=&#8221;gcid-primary-color&#8221; header_3_font_size=&#8221;25px&#8221; header_3_letter_spacing=&#8221;2px&#8221; custom_margin=&#8221;||1em||false|false&#8221; header_3_text_align_tablet=&#8221;center&#8221; header_3_text_align_phone=&#8221;center&#8221; header_3_text_align_last_edited=&#8221;on|tablet&#8221; header_3_font_size_tablet=&#8221;25px&#8221; header_3_font_size_phone=&#8221;25px&#8221; header_3_font_size_last_edited=&#8221;on|tablet&#8221; locked=&#8221;off&#8221; global_colors_info=&#8221;{%22gcid-primary-color%22:%91%22header_3_text_color%22%93}&#8221;]<\/p>\n<h3>Tres Torres<\/h3>\n<p>[\/et_pb_text][et_pb_text _builder_version=&#8221;4.27.0&#8243; _module_preset=&#8221;default&#8221; text_font=&#8221;&#8211;et_global_heading_font||||||||&#8221; text_text_color=&#8221;#FFFFFF&#8221; text_font_size=&#8221;50px&#8221; text_line_height=&#8221;1.2em&#8221; header_font=&#8221;&#8211;et_global_heading_font||||||||&#8221; header_text_align=&#8221;left&#8221; header_font_size=&#8221;70px&#8221; header_3_font=&#8221;Antonio|300||on|||||&#8221; header_3_text_align=&#8221;left&#8221; header_3_text_color=&#8221;gcid-primary-color&#8221; header_3_font_size=&#8221;25px&#8221; header_3_letter_spacing=&#8221;2px&#8221; custom_margin=&#8221;||0.5em||false|false&#8221; text_font_size_tablet=&#8221;45px&#8221; text_font_size_phone=&#8221;40px&#8221; text_font_size_last_edited=&#8221;on|phone&#8221; text_orientation_tablet=&#8221;center&#8221; text_orientation_phone=&#8221;center&#8221; text_orientation_last_edited=&#8221;on|tablet&#8221; locked=&#8221;off&#8221; global_colors_info=&#8221;{%22gcid-primary-color%22:%91%22header_3_text_color%22%93}&#8221;]<\/p>\n<p>Transforma un rebedor en un espai acollidor<\/p>\n<p>[\/et_pb_text][et_pb_text _builder_version=&#8221;4.27.0&#8243; _module_preset=&#8221;default&#8221; text_text_color=&#8221;#FFFFFF&#8221; text_line_height=&#8221;2em&#8221; custom_margin=&#8221;0px||||false|false&#8221; custom_padding=&#8221;0px||||false|false&#8221; text_orientation_tablet=&#8221;center&#8221; text_orientation_phone=&#8221;center&#8221; text_orientation_last_edited=&#8221;on|tablet&#8221; custom_css_free_form=&#8221;selector p {||  padding: 1em 0;||}&#8221; global_colors_info=&#8221;{}&#8221;]<\/p>\n<p>La reforma del rebedor al barri de Tres Torres de Barcelona ha estat dissenyada per crear una primera impressi\u00f3 elegant i funcional. S&#8217;ha optat per una paleta de colors clars que amplien visualment l&#8217;espai, complementada amb detalls de fusta per afegir calidesa i sofisticaci\u00f3 a l&#8217;entorn. <\/p>\n<p>S&#8217;ha millorat la il\u00b7luminaci\u00f3 amb aplics de paret i llums al sostre, creant un ambient acollidor i ben il\u00b7luminat. El terra s&#8217;ha revestit amb fusta de disseny modern i resistent, ideals per a una zona d&#8217;alt tr\u00e0nsit. Aquesta reforma ha transformat el rebedor en un espai acollidor i estilitzat, perfecte per donar la benvinguda a Tres Torres.  <\/p>\n<p>[\/et_pb_text][\/et_pb_column][et_pb_column type=&#8221;1_2&#8243; _builder_version=&#8221;4.27.0&#8243; _module_preset=&#8221;default&#8221; global_colors_info=&#8221;{}&#8221;][et_pb_slider _builder_version=&#8221;4.27.0&#8243; _module_preset=&#8221;default&#8221; custom_margin=&#8221;0px|0px|0px|0px|false|false&#8221; custom_padding=&#8221;0px|0px|0px|0px|false|false&#8221; animation_style=&#8221;slide&#8221; animation_direction=&#8221;right&#8221; custom_css_slide_description=&#8221;margin-bottom: 5em;&#8221; custom_css_slide_title=&#8221;display: none;&#8221; custom_css_slide_arrows=&#8221;display: none;&#8221; global_colors_info=&#8221;{}&#8221;][et_pb_slide heading=&#8221;Slider 1&#8243; _builder_version=&#8221;4.27.0&#8243; _module_preset=&#8221;default&#8221; background_enable_color=&#8221;off&#8221; background_enable_image=&#8221;off&#8221; global_colors_info=&#8221;{}&#8221; sticky_transition=&#8221;on&#8221;]<\/p>\n<p><img loading=\"lazy\" decoding=\"async\" class=\"wp-image-547 alignnone size-full\" src=\"https:\/\/evolutinteriordesign.com\/wp-content\/uploads\/2024\/08\/proyecto-2-evolut-1.webp\" alt=\"proyecto-2-evolut\" width=\"645\" height=\"671\" srcset=\"https:\/\/evolutinteriordesign.com\/wp-content\/uploads\/2024\/08\/proyecto-2-evolut-1.webp 645w, https:\/\/evolutinteriordesign.com\/wp-content\/uploads\/2024\/08\/proyecto-2-evolut-1-480x499.webp 480w\" sizes=\"auto, (min-width: 0px) and (max-width: 480px) 480px, (min-width: 481px) 645px, 100vw\" \/><\/p>\n<p>[\/et_pb_slide][et_pb_slide heading=&#8221;Slider 2&#8243; _builder_version=&#8221;4.27.0&#8243; _module_preset=&#8221;default&#8221; background_enable_color=&#8221;off&#8221; background_enable_image=&#8221;off&#8221; global_colors_info=&#8221;{}&#8221; sticky_transition=&#8221;on&#8221;]<\/p>\n<p><img loading=\"lazy\" decoding=\"async\" class=\"wp-image-547 alignnone size-full\" src=\"https:\/\/evolutinteriordesign.com\/wp-content\/uploads\/2024\/09\/proyectos-tres-torres-evolut.webp\" alt=\"proyecto-2-evolut\" width=\"645\" height=\"671\" \/><\/p>\n<p>[\/et_pb_slide][\/et_pb_slider][\/et_pb_column][\/et_pb_row][et_pb_row column_structure=&#8221;1_2,1_2&#8243; module_id=&#8221;proyecto-3&#8243; module_class=&#8221;proyecto&#8221; _builder_version=&#8221;4.27.0&#8243; _module_preset=&#8221;default&#8221; width=&#8221;90%&#8221; custom_css_main_element=&#8221;align-items: center;&#8221; global_colors_info=&#8221;{}&#8221;][et_pb_column type=&#8221;1_2&#8243; _builder_version=&#8221;4.27.0&#8243; _module_preset=&#8221;default&#8221; global_colors_info=&#8221;{}&#8221;][et_pb_slider _builder_version=&#8221;4.27.0&#8243; _module_preset=&#8221;default&#8221; custom_margin=&#8221;0px|0px|0px|0px|false|false&#8221; custom_padding=&#8221;0px|0px|0px|0px|false|false&#8221; animation_style=&#8221;slide&#8221; animation_direction=&#8221;left&#8221; custom_css_slide_description=&#8221;margin-bottom: 5em;&#8221; custom_css_slide_title=&#8221;display: none;&#8221; custom_css_slide_arrows=&#8221;display: none;&#8221; global_colors_info=&#8221;{}&#8221;][et_pb_slide heading=&#8221;Slider 1&#8243; _builder_version=&#8221;4.27.0&#8243; _module_preset=&#8221;default&#8221; background_enable_color=&#8221;off&#8221; background_enable_image=&#8221;off&#8221; global_colors_info=&#8221;{}&#8221; sticky_transition=&#8221;on&#8221;]<\/p>\n<p><img loading=\"lazy\" decoding=\"async\" class=\"wp-image-548 alignnone size-full\" src=\"https:\/\/evolutinteriordesign.com\/wp-content\/uploads\/2024\/08\/proyecto-3-evolut-1.webp\" alt=\"proyecto-3-evolut\" width=\"645\" height=\"671\" srcset=\"https:\/\/evolutinteriordesign.com\/wp-content\/uploads\/2024\/08\/proyecto-3-evolut-1.webp 645w, https:\/\/evolutinteriordesign.com\/wp-content\/uploads\/2024\/08\/proyecto-3-evolut-1-480x499.webp 480w\" sizes=\"auto, (min-width: 0px) and (max-width: 480px) 480px, (min-width: 481px) 645px, 100vw\" \/><\/p>\n<p>[\/et_pb_slide][et_pb_slide heading=&#8221;Slider 2&#8243; _builder_version=&#8221;4.27.0&#8243; _module_preset=&#8221;default&#8221; background_enable_color=&#8221;off&#8221; background_enable_image=&#8221;off&#8221; global_colors_info=&#8221;{}&#8221; sticky_transition=&#8221;on&#8221;]<\/p>\n<p><img loading=\"lazy\" decoding=\"async\" class=\"wp-image-548 alignnone size-full\" src=\"https:\/\/evolutinteriordesign.com\/wp-content\/uploads\/2024\/09\/proyectos-pedralves-evolut.webp\" alt=\"proyecto-3-evolut\" width=\"645\" height=\"671\" \/><\/p>\n<p>[\/et_pb_slide][\/et_pb_slider][\/et_pb_column][et_pb_column type=&#8221;1_2&#8243; _builder_version=&#8221;4.27.0&#8243; _module_preset=&#8221;default&#8221; global_colors_info=&#8221;{}&#8221;][et_pb_text _builder_version=&#8221;4.27.0&#8243; _module_preset=&#8221;default&#8221; header_3_font=&#8221;Antonio|300||on|||||&#8221; header_3_text_align=&#8221;left&#8221; header_3_text_color=&#8221;gcid-primary-color&#8221; header_3_font_size=&#8221;25px&#8221; header_3_letter_spacing=&#8221;2px&#8221; custom_margin=&#8221;||1em||false|false&#8221; header_3_text_align_tablet=&#8221;center&#8221; header_3_text_align_phone=&#8221;center&#8221; header_3_text_align_last_edited=&#8221;on|tablet&#8221; header_3_font_size_tablet=&#8221;25px&#8221; header_3_font_size_phone=&#8221;25px&#8221; header_3_font_size_last_edited=&#8221;on|tablet&#8221; locked=&#8221;off&#8221; global_colors_info=&#8221;{%22gcid-primary-color%22:%91%22header_3_text_color%22%93}&#8221;]<\/p>\n<h3>Pedralbes<\/h3>\n<p>[\/et_pb_text][et_pb_text _builder_version=&#8221;4.27.0&#8243; _module_preset=&#8221;default&#8221; text_font=&#8221;&#8211;et_global_heading_font||||||||&#8221; text_text_color=&#8221;#FFFFFF&#8221; text_font_size=&#8221;50px&#8221; text_line_height=&#8221;1.2em&#8221; header_font=&#8221;&#8211;et_global_heading_font||||||||&#8221; header_text_align=&#8221;left&#8221; header_font_size=&#8221;70px&#8221; header_3_font=&#8221;Antonio|300||on|||||&#8221; header_3_text_align=&#8221;left&#8221; header_3_text_color=&#8221;gcid-primary-color&#8221; header_3_font_size=&#8221;25px&#8221; header_3_letter_spacing=&#8221;2px&#8221; custom_margin=&#8221;||0.5em||false|false&#8221; text_font_size_tablet=&#8221;45px&#8221; text_font_size_phone=&#8221;40px&#8221; text_font_size_last_edited=&#8221;on|phone&#8221; text_orientation_tablet=&#8221;center&#8221; text_orientation_phone=&#8221;center&#8221; text_orientation_last_edited=&#8221;on|tablet&#8221; locked=&#8221;off&#8221; global_colors_info=&#8221;{%22gcid-primary-color%22:%91%22header_3_text_color%22%93}&#8221;]<\/p>\n<p>Un espai \u00fanic amb els millors materials<\/p>\n<p>[\/et_pb_text][et_pb_text _builder_version=&#8221;4.27.0&#8243; _module_preset=&#8221;default&#8221; text_text_color=&#8221;#FFFFFF&#8221; text_line_height=&#8221;2em&#8221; custom_margin=&#8221;0px||||false|false&#8221; custom_padding=&#8221;0px||||false|false&#8221; text_orientation_tablet=&#8221;center&#8221; text_orientation_phone=&#8221;center&#8221; text_orientation_last_edited=&#8221;on|tablet&#8221; custom_css_free_form=&#8221;selector p {||  padding: 1em 0;||}&#8221; global_colors_info=&#8221;{}&#8221;]<\/p>\n<p>A l&#8217;exclusiu barri de <strong>Pedralbes<\/strong> a Barcelona, realitzem una <strong>reforma de luxe<\/strong> utilitzant materials de la m\u00e9s alta qualitat. Cada detall va ser acuradament seleccionat per crear un espai veritablement \u00fanic i elegant. <\/p>\n<p>El projecte va combinar <strong>marbre i vidre<\/strong>, aconseguint un equilibri entre luxe i funcionalitat. Els acabats personalitzats realcen l&#8217;est\u00e8tica moderna respectant l&#8217;ess\u00e8ncia de l&#8217;entorn exclusiu de Pedralbes. <\/p>\n<p>L&#8217;atenci\u00f3 al detall i l&#8217;\u00fas de<strong> materials premium<\/strong> ha convertit aquest habitatge en un referent de disseny i confort. Evolut transforma espais en experi\u00e8ncies inigualables. <\/p>\n<p>[\/et_pb_text][\/et_pb_column][\/et_pb_row][et_pb_row column_structure=&#8221;1_2,1_2&#8243; module_id=&#8221;proyecto-4&#8243; module_class=&#8221;proyecto&#8221; _builder_version=&#8221;4.27.0&#8243; _module_preset=&#8221;default&#8221; width=&#8221;90%&#8221; custom_css_main_element=&#8221;align-items: center;&#8221; locked=&#8221;off&#8221; global_colors_info=&#8221;{}&#8221; custom_css_main_element_last_edited=&#8221;on|tablet&#8221; custom_css_main_element_tablet=&#8221;align-items: center;&#8221; custom_css_main_element_phone=&#8221;align-items: center;&#8221;][et_pb_column type=&#8221;1_2&#8243; _builder_version=&#8221;4.27.0&#8243; _module_preset=&#8221;default&#8221; global_colors_info=&#8221;{}&#8221;][et_pb_text _builder_version=&#8221;4.27.0&#8243; _module_preset=&#8221;default&#8221; header_3_font=&#8221;Antonio|300||on|||||&#8221; header_3_text_align=&#8221;left&#8221; header_3_text_color=&#8221;gcid-primary-color&#8221; header_3_font_size=&#8221;25px&#8221; header_3_letter_spacing=&#8221;2px&#8221; custom_margin=&#8221;||1em||false|false&#8221; header_3_text_align_tablet=&#8221;center&#8221; header_3_text_align_phone=&#8221;center&#8221; header_3_text_align_last_edited=&#8221;on|tablet&#8221; header_3_font_size_tablet=&#8221;25px&#8221; header_3_font_size_phone=&#8221;25px&#8221; header_3_font_size_last_edited=&#8221;on|tablet&#8221; locked=&#8221;off&#8221; global_colors_info=&#8221;{%22gcid-primary-color%22:%91%22header_3_text_color%22%93}&#8221;]<\/p>\n<h3>Cadaqu\u00e9s<\/h3>\n<p>[\/et_pb_text][et_pb_text _builder_version=&#8221;4.27.0&#8243; _module_preset=&#8221;default&#8221; text_font=&#8221;&#8211;et_global_heading_font||||||||&#8221; text_text_color=&#8221;#FFFFFF&#8221; text_font_size=&#8221;50px&#8221; text_line_height=&#8221;1.2em&#8221; header_font=&#8221;&#8211;et_global_heading_font||||||||&#8221; header_text_align=&#8221;left&#8221; header_font_size=&#8221;70px&#8221; header_3_font=&#8221;Antonio|300||on|||||&#8221; header_3_text_align=&#8221;left&#8221; header_3_text_color=&#8221;gcid-primary-color&#8221; header_3_font_size=&#8221;25px&#8221; header_3_letter_spacing=&#8221;2px&#8221; custom_margin=&#8221;||0.5em||false|false&#8221; text_font_size_tablet=&#8221;45px&#8221; text_font_size_phone=&#8221;40px&#8221; text_font_size_last_edited=&#8221;on|phone&#8221; text_orientation_tablet=&#8221;center&#8221; text_orientation_phone=&#8221;center&#8221; text_orientation_last_edited=&#8221;on|tablet&#8221; locked=&#8221;off&#8221; global_colors_info=&#8221;{%22gcid-primary-color%22:%91%22header_3_text_color%22%93}&#8221;]<\/p>\n<p>L&#8217;estil mediterrani m\u00e9s inspirador<\/p>\n<p>[\/et_pb_text][et_pb_text _builder_version=&#8221;4.27.0&#8243; _module_preset=&#8221;default&#8221; text_text_color=&#8221;#FFFFFF&#8221; text_line_height=&#8221;2em&#8221; custom_margin=&#8221;0px||||false|false&#8221; custom_padding=&#8221;0px||||false|false&#8221; text_orientation_tablet=&#8221;center&#8221; text_orientation_phone=&#8221;center&#8221; text_orientation_last_edited=&#8221;on|tablet&#8221; custom_css_free_form=&#8221;selector p {||  padding: 1em 0;||}&#8221; global_colors_info=&#8221;{}&#8221;]<\/p>\n<p>A <strong>Cadaqu\u00e9s<\/strong>, hem dut a terme una <strong>reforma de luxe<\/strong> inspirada en l&#8217;estil mediterrani, combinant materials naturals, llum abundant i colors suaus que reflecteixen la tranquil\u00b7litat i la bellesa de l&#8217;entorn costaner.<\/p>\n<p>El projecte destaca per fer servir <strong>pedra i fusta<\/strong>, que evoquen l&#8217;ess\u00e8ncia mediterr\u00e0nia. Els amplis finestrals permeten que la llum natural inundi cada rac\u00f3, creant una atmosfera c\u00e0lida i acollidora. <\/p>\n<p>Cada detall va ser dissenyat per fusionar <strong>l&#8217;eleg\u00e0ncia contempor\u00e0nia<\/strong> amb l&#8217;encant tradicional mediterrani, aconseguint un habitatge sofisticat i perfectament integrat al paisatge de Cadaqu\u00e9s.<\/p>\n<p>[\/et_pb_text][\/et_pb_column][et_pb_column type=&#8221;1_2&#8243; _builder_version=&#8221;4.27.0&#8243; _module_preset=&#8221;default&#8221; global_colors_info=&#8221;{}&#8221;][et_pb_slider _builder_version=&#8221;4.27.0&#8243; _module_preset=&#8221;default&#8221; custom_margin=&#8221;0px|0px|0px|0px|false|false&#8221; custom_padding=&#8221;0px|0px|0px|0px|false|false&#8221; animation_style=&#8221;slide&#8221; animation_direction=&#8221;right&#8221; custom_css_slide_description=&#8221;margin-bottom: 5em;&#8221; custom_css_slide_title=&#8221;display: none;&#8221; custom_css_slide_arrows=&#8221;display: none;&#8221; global_colors_info=&#8221;{}&#8221;][et_pb_slide heading=&#8221;Slider 1&#8243; _builder_version=&#8221;4.27.0&#8243; _module_preset=&#8221;default&#8221; background_enable_color=&#8221;off&#8221; background_enable_image=&#8221;off&#8221; global_colors_info=&#8221;{}&#8221; sticky_transition=&#8221;on&#8221;]<\/p>\n<p><img loading=\"lazy\" decoding=\"async\" class=\"wp-image-544 alignnone size-full\" src=\"https:\/\/evolutinteriordesign.com\/wp-content\/uploads\/2024\/08\/proyecto-4-evolut-1.webp\" alt=\"proyecto-4-evolut\" width=\"645\" height=\"671\" srcset=\"https:\/\/evolutinteriordesign.com\/wp-content\/uploads\/2024\/08\/proyecto-4-evolut-1.webp 645w, https:\/\/evolutinteriordesign.com\/wp-content\/uploads\/2024\/08\/proyecto-4-evolut-1-480x499.webp 480w\" sizes=\"auto, (min-width: 0px) and (max-width: 480px) 480px, (min-width: 481px) 645px, 100vw\" \/><\/p>\n<p>[\/et_pb_slide][et_pb_slide heading=&#8221;Slider 2&#8243; _builder_version=&#8221;4.27.0&#8243; _module_preset=&#8221;default&#8221; background_enable_color=&#8221;off&#8221; background_enable_image=&#8221;off&#8221; global_colors_info=&#8221;{}&#8221; sticky_transition=&#8221;on&#8221;]<\/p>\n<p><img loading=\"lazy\" decoding=\"async\" class=\"wp-image-544 alignnone size-full\" src=\"https:\/\/evolutinteriordesign.com\/wp-content\/uploads\/2024\/09\/proyectos-cadaques-evolut.webp\" alt=\"proyecto-4-evolut\" width=\"645\" height=\"671\" \/><\/p>\n<p>[\/et_pb_slide][\/et_pb_slider][\/et_pb_column][\/et_pb_row][et_pb_row _builder_version=&#8221;4.27.0&#8243; _module_preset=&#8221;default&#8221; custom_margin=&#8221;0px||0px||false|false&#8221; custom_padding=&#8221;0px||0px||false|false&#8221; global_colors_info=&#8221;{}&#8221;][et_pb_column type=&#8221;4_4&#8243; _builder_version=&#8221;4.27.0&#8243; _module_preset=&#8221;default&#8221; global_colors_info=&#8221;{}&#8221;][et_pb_button button_text=&#8221;M\u00e9s projectes&#8221; button_alignment=&#8221;center&#8221; module_class=&#8221;load-more-projects&#8221; _builder_version=&#8221;4.27.0&#8243; _module_preset=&#8221;default&#8221; custom_button=&#8221;on&#8221; button_text_color=&#8221;#FFFFFF&#8221; button_bg_color=&#8221;RGBA(255,255,255,0)&#8221; button_border_width=&#8221;1px&#8221; button_border_radius=&#8221;0px&#8221; button_letter_spacing=&#8221;2px&#8221; button_font=&#8221;Antonio|300||on|||||&#8221; button_use_icon=&#8221;off&#8221; global_colors_info=&#8221;{}&#8221; button_text_color__hover_enabled=&#8221;on|hover&#8221; button_text_color__hover=&#8221;#000000&#8243; button_bg_color__hover_enabled=&#8221;on|hover&#8221; button_bg_color__hover=&#8221;#FFFFFF&#8221; button_bg_enable_color__hover=&#8221;on&#8221;][\/et_pb_button][\/et_pb_column][\/et_pb_row][\/et_pb_section][et_pb_section fb_built=&#8221;1&#8243; _builder_version=&#8221;4.27.0&#8243; _module_preset=&#8221;default&#8221; background_color=&#8221;gcid-027915c6-e56f-45dd-8ba1-9d43493aaed2&#8243; custom_padding=&#8221;2em||2em||true|false&#8221; saved_tabs=&#8221;all&#8221; global_colors_info=&#8221;{%22gcid-027915c6-e56f-45dd-8ba1-9d43493aaed2%22:%91%22background_color%22%93}&#8221;][et_pb_row _builder_version=&#8221;4.27.0&#8243; _module_preset=&#8221;default&#8221; width=&#8221;90%&#8221; global_colors_info=&#8221;{}&#8221;][et_pb_column type=&#8221;4_4&#8243; _builder_version=&#8221;4.27.0&#8243; _module_preset=&#8221;default&#8221; global_colors_info=&#8221;{}&#8221;][et_pb_text _builder_version=&#8221;4.27.0&#8243; _module_preset=&#8221;default&#8221; header_2_font=&#8221;&#8211;et_global_heading_font||||||||&#8221; header_2_text_align=&#8221;center&#8221; header_2_text_color=&#8221;#FFFFFF&#8221; header_2_font_size=&#8221;45px&#8221; header_3_font=&#8221;Antonio|300||on|||||&#8221; header_3_text_align=&#8221;center&#8221; header_3_text_color=&#8221;gcid-primary-color&#8221; header_3_font_size=&#8221;25px&#8221; header_2_text_align_tablet=&#8221;center&#8221; header_2_text_align_phone=&#8221;center&#8221; header_2_text_align_last_edited=&#8221;on|tablet&#8221; header_2_font_size_tablet=&#8221;40px&#8221; header_2_font_size_phone=&#8221;35px&#8221; header_2_font_size_last_edited=&#8221;on|phone&#8221; global_colors_info=&#8221;{%22gcid-primary-color%22:%91%22header_3_text_color%22%93}&#8221;]<\/p>\n<h2>Alguns dels nostres clients<\/h2>\n<p>[\/et_pb_text][\/et_pb_column][\/et_pb_row][et_pb_row column_structure=&#8221;1_3,1_3,1_3&#8243; _builder_version=&#8221;4.27.0&#8243; _module_preset=&#8221;default&#8221; width=&#8221;90%&#8221; custom_padding=&#8221;|1em||1em|false|true&#8221; custom_css_main_element=&#8221;display: flex;||justify-content: center;||align-items: center;&#8221; global_colors_info=&#8221;{}&#8221; custom_css_main_element_last_edited=&#8221;on|tablet&#8221; custom_css_main_element_tablet=&#8221;display: flex;||justify-content: center;||align-items: center;||flex-direction: column;&#8221; custom_css_main_element_phone=&#8221;display: flex;||justify-content: center;||align-items: center;||flex-direction: column;&#8221;][et_pb_column type=&#8221;1_3&#8243; _builder_version=&#8221;4.27.0&#8243; _module_preset=&#8221;default&#8221; global_colors_info=&#8221;{}&#8221;][et_pb_image src=&#8221;https:\/\/evolutinteriordesign.com\/wp-content\/uploads\/2024\/08\/cliente-1-evolut.svg&#8221; alt=&#8221;client-1-evolut&#8221; title_text=&#8221;client-1-evolut&#8221; url=&#8221;https:\/\/www.forcadell.com\/&#8221; url_new_window=&#8221;on&#8221; _builder_version=&#8221;4.27.0&#8243; _module_preset=&#8221;default&#8221; max_width=&#8221;300px&#8221; custom_padding=&#8221;||2em||false|false&#8221; module_alignment_tablet=&#8221;center&#8221; module_alignment_phone=&#8221;&#8221; module_alignment_last_edited=&#8221;on|tablet&#8221; global_colors_info=&#8221;{}&#8221;][\/et_pb_image][\/et_pb_column][et_pb_column type=&#8221;1_3&#8243; _builder_version=&#8221;4.27.0&#8243; _module_preset=&#8221;default&#8221; global_colors_info=&#8221;{}&#8221;][et_pb_image src=&#8221;https:\/\/evolutinteriordesign.com\/wp-content\/uploads\/2024\/08\/cliente-2-evolut.svg&#8221; alt=&#8221;client-2-evolut&#8221; title_text=&#8221;client-2-evolut&#8221; url=&#8221;https:\/\/www.engelvoelkers.com\/es\/en&#8221; url_new_window=&#8221;on&#8221; _builder_version=&#8221;4.27.0&#8243; _module_preset=&#8221;default&#8221; max_width=&#8221;350px&#8221; custom_padding=&#8221;||2em||false|false&#8221; module_alignment_tablet=&#8221;center&#8221; module_alignment_phone=&#8221;&#8221; module_alignment_last_edited=&#8221;on|tablet&#8221; global_colors_info=&#8221;{}&#8221;][\/et_pb_image][\/et_pb_column][et_pb_column type=&#8221;1_3&#8243; _builder_version=&#8221;4.27.0&#8243; _module_preset=&#8221;default&#8221; global_colors_info=&#8221;{}&#8221;][et_pb_image src=&#8221;https:\/\/evolutinteriordesign.com\/wp-content\/uploads\/2024\/08\/cliente-3-evolut.svg&#8221; alt=&#8221;client-3-evolut&#8221; title_text=&#8221;client-3-evolut&#8221; url=&#8221;https:\/\/www.bnpparibas.es\/es\/&#8221; url_new_window=&#8221;on&#8221; _builder_version=&#8221;4.27.0&#8243; _module_preset=&#8221;default&#8221; max_width=&#8221;350px&#8221; custom_padding=&#8221;||2em||false|false&#8221; module_alignment_tablet=&#8221;center&#8221; module_alignment_phone=&#8221;&#8221; module_alignment_last_edited=&#8221;on|tablet&#8221; global_colors_info=&#8221;{}&#8221;][\/et_pb_image][\/et_pb_column][\/et_pb_row][\/et_pb_section]<\/p>\n","protected":false},"excerpt":{"rendered":"<p>Evolut Interior DesignProjectes realitzatsSant CugatPotenciant la llum natural al menjadorLa reforma del menjador a una casa a Sant Cugat busca crear un espai modern i acollidor. Optem per una paleta de colors neutres, combinada amb tocs de fusta natural per aportar calidesa. La il\u00b7luminaci\u00f3 s&#8217;ha millorat amb llums penjants i llums encastats que destaquen les [&hellip;]<\/p>\n","protected":false},"author":1,"featured_media":0,"parent":0,"menu_order":0,"comment_status":"closed","ping_status":"closed","template":"","meta":{"_acf_changed":false,"_et_pb_use_builder":"on","_et_pb_old_content":"","_et_gb_content_width":"","inline_featured_image":false,"footnotes":""},"class_list":["post-882","page","type-page","status-publish","hentry"],"acf":[],"yoast_head":"<!-- This site is optimized with the Yoast SEO plugin v23.9 - https:\/\/yoast.com\/wordpress\/plugins\/seo\/ -->\n<title>Evolut Interior Design | Coneix els nostres projectes de reformes<\/title>\n<meta name=\"description\" content=\"Descobreix els nostres projectes de construcci\u00f3 i reformes. Exemples d\u00b4obra nova i rehabilitacions que demostren la nostra experi\u00e8ncia.\" \/>\n<meta name=\"robots\" content=\"index, follow, max-snippet:-1, max-image-preview:large, max-video-preview:-1\" \/>\n<link rel=\"canonical\" href=\"https:\/\/evolutinteriordesign.com\/ca\/projectes-realitzats\/\" \/>\n<meta property=\"og:locale\" content=\"ca_ES\" \/>\n<meta property=\"og:type\" content=\"article\" \/>\n<meta property=\"og:title\" content=\"Evolut Interior Design | Coneix els nostres projectes de reformes\" \/>\n<meta property=\"og:description\" content=\"Descobreix els nostres projectes de construcci\u00f3 i reformes. Exemples d\u00b4obra nova i rehabilitacions que demostren la nostra experi\u00e8ncia.\" \/>\n<meta property=\"og:url\" content=\"https:\/\/evolutinteriordesign.com\/ca\/projectes-realitzats\/\" \/>\n<meta property=\"og:site_name\" content=\"Evolut Interior Design\" \/>\n<meta property=\"article:modified_time\" content=\"2024-11-19T09:01:37+00:00\" \/>\n<meta property=\"og:image\" content=\"https:\/\/evolutinteriordesign.com\/wp-content\/uploads\/2024\/08\/Mesa-de-trabajo-44.webp\" \/>\n<meta name=\"twitter:card\" content=\"summary_large_image\" \/>\n<meta name=\"twitter:label1\" content=\"Temps estimat de lectura\" \/>\n\t<meta name=\"twitter:data1\" content=\"15 minuts\" \/>\n<script type=\"application\/ld+json\" class=\"yoast-schema-graph\">{\"@context\":\"https:\/\/schema.org\",\"@graph\":[{\"@type\":\"WebPage\",\"@id\":\"https:\/\/evolutinteriordesign.com\/ca\/projectes-realitzats\/\",\"url\":\"https:\/\/evolutinteriordesign.com\/ca\/projectes-realitzats\/\",\"name\":\"Evolut Interior Design | Coneix els nostres projectes de reformes\",\"isPartOf\":{\"@id\":\"http:\/\/evolutinteriordesign.com\/#website\"},\"primaryImageOfPage\":{\"@id\":\"https:\/\/evolutinteriordesign.com\/ca\/projectes-realitzats\/#primaryimage\"},\"image\":{\"@id\":\"https:\/\/evolutinteriordesign.com\/ca\/projectes-realitzats\/#primaryimage\"},\"thumbnailUrl\":\"https:\/\/evolutinteriordesign.com\/wp-content\/uploads\/2024\/08\/Mesa-de-trabajo-44.webp\",\"datePublished\":\"2024-08-02T15:02:31+00:00\",\"dateModified\":\"2024-11-19T09:01:37+00:00\",\"description\":\"Descobreix els nostres projectes de construcci\u00f3 i reformes. Exemples d\u00b4obra nova i rehabilitacions que demostren la nostra experi\u00e8ncia.\",\"breadcrumb\":{\"@id\":\"https:\/\/evolutinteriordesign.com\/ca\/projectes-realitzats\/#breadcrumb\"},\"inLanguage\":\"ca\",\"potentialAction\":[{\"@type\":\"ReadAction\",\"target\":[\"https:\/\/evolutinteriordesign.com\/ca\/projectes-realitzats\/\"]}]},{\"@type\":\"ImageObject\",\"inLanguage\":\"ca\",\"@id\":\"https:\/\/evolutinteriordesign.com\/ca\/projectes-realitzats\/#primaryimage\",\"url\":\"https:\/\/evolutinteriordesign.com\/wp-content\/uploads\/2024\/08\/Mesa-de-trabajo-44.webp\",\"contentUrl\":\"https:\/\/evolutinteriordesign.com\/wp-content\/uploads\/2024\/08\/Mesa-de-trabajo-44.webp\"},{\"@type\":\"BreadcrumbList\",\"@id\":\"https:\/\/evolutinteriordesign.com\/ca\/projectes-realitzats\/#breadcrumb\",\"itemListElement\":[{\"@type\":\"ListItem\",\"position\":1,\"name\":\"Portada\",\"item\":\"https:\/\/evolutinteriordesign.com\/ca\/\"},{\"@type\":\"ListItem\",\"position\":2,\"name\":\"Projectes realitzats\"}]},{\"@type\":\"WebSite\",\"@id\":\"http:\/\/evolutinteriordesign.com\/#website\",\"url\":\"http:\/\/evolutinteriordesign.com\/\",\"name\":\"Evolut Interior Design\",\"description\":\"\",\"publisher\":{\"@id\":\"http:\/\/evolutinteriordesign.com\/#organization\"},\"potentialAction\":[{\"@type\":\"SearchAction\",\"target\":{\"@type\":\"EntryPoint\",\"urlTemplate\":\"http:\/\/evolutinteriordesign.com\/?s={search_term_string}\"},\"query-input\":{\"@type\":\"PropertyValueSpecification\",\"valueRequired\":true,\"valueName\":\"search_term_string\"}}],\"inLanguage\":\"ca\"},{\"@type\":\"Organization\",\"@id\":\"http:\/\/evolutinteriordesign.com\/#organization\",\"name\":\"Evolut Interior Design\",\"url\":\"http:\/\/evolutinteriordesign.com\/\",\"logo\":{\"@type\":\"ImageObject\",\"inLanguage\":\"ca\",\"@id\":\"http:\/\/evolutinteriordesign.com\/#\/schema\/logo\/image\/\",\"url\":\"http:\/\/evolutinteriordesign.com\/wp-content\/uploads\/2024\/08\/logo-evolut-blanco.svg\",\"contentUrl\":\"http:\/\/evolutinteriordesign.com\/wp-content\/uploads\/2024\/08\/logo-evolut-blanco.svg\",\"width\":\"1024\",\"height\":\"1024\",\"caption\":\"Evolut Interior Design\"},\"image\":{\"@id\":\"http:\/\/evolutinteriordesign.com\/#\/schema\/logo\/image\/\"}}]}<\/script>\n<!-- \/ Yoast SEO plugin. -->","yoast_head_json":{"title":"Evolut Interior Design | Coneix els nostres projectes de reformes","description":"Descobreix els nostres projectes de construcci\u00f3 i reformes. Exemples d\u00b4obra nova i rehabilitacions que demostren la nostra experi\u00e8ncia.","robots":{"index":"index","follow":"follow","max-snippet":"max-snippet:-1","max-image-preview":"max-image-preview:large","max-video-preview":"max-video-preview:-1"},"canonical":"https:\/\/evolutinteriordesign.com\/ca\/projectes-realitzats\/","og_locale":"ca_ES","og_type":"article","og_title":"Evolut Interior Design | Coneix els nostres projectes de reformes","og_description":"Descobreix els nostres projectes de construcci\u00f3 i reformes. Exemples d\u00b4obra nova i rehabilitacions que demostren la nostra experi\u00e8ncia.","og_url":"https:\/\/evolutinteriordesign.com\/ca\/projectes-realitzats\/","og_site_name":"Evolut Interior Design","article_modified_time":"2024-11-19T09:01:37+00:00","og_image":[{"url":"https:\/\/evolutinteriordesign.com\/wp-content\/uploads\/2024\/08\/Mesa-de-trabajo-44.webp"}],"twitter_card":"summary_large_image","twitter_misc":{"Temps estimat de lectura":"15 minuts"},"schema":{"@context":"https:\/\/schema.org","@graph":[{"@type":"WebPage","@id":"https:\/\/evolutinteriordesign.com\/ca\/projectes-realitzats\/","url":"https:\/\/evolutinteriordesign.com\/ca\/projectes-realitzats\/","name":"Evolut Interior Design | Coneix els nostres projectes de reformes","isPartOf":{"@id":"http:\/\/evolutinteriordesign.com\/#website"},"primaryImageOfPage":{"@id":"https:\/\/evolutinteriordesign.com\/ca\/projectes-realitzats\/#primaryimage"},"image":{"@id":"https:\/\/evolutinteriordesign.com\/ca\/projectes-realitzats\/#primaryimage"},"thumbnailUrl":"https:\/\/evolutinteriordesign.com\/wp-content\/uploads\/2024\/08\/Mesa-de-trabajo-44.webp","datePublished":"2024-08-02T15:02:31+00:00","dateModified":"2024-11-19T09:01:37+00:00","description":"Descobreix els nostres projectes de construcci\u00f3 i reformes. Exemples d\u00b4obra nova i rehabilitacions que demostren la nostra experi\u00e8ncia.","breadcrumb":{"@id":"https:\/\/evolutinteriordesign.com\/ca\/projectes-realitzats\/#breadcrumb"},"inLanguage":"ca","potentialAction":[{"@type":"ReadAction","target":["https:\/\/evolutinteriordesign.com\/ca\/projectes-realitzats\/"]}]},{"@type":"ImageObject","inLanguage":"ca","@id":"https:\/\/evolutinteriordesign.com\/ca\/projectes-realitzats\/#primaryimage","url":"https:\/\/evolutinteriordesign.com\/wp-content\/uploads\/2024\/08\/Mesa-de-trabajo-44.webp","contentUrl":"https:\/\/evolutinteriordesign.com\/wp-content\/uploads\/2024\/08\/Mesa-de-trabajo-44.webp"},{"@type":"BreadcrumbList","@id":"https:\/\/evolutinteriordesign.com\/ca\/projectes-realitzats\/#breadcrumb","itemListElement":[{"@type":"ListItem","position":1,"name":"Portada","item":"https:\/\/evolutinteriordesign.com\/ca\/"},{"@type":"ListItem","position":2,"name":"Projectes realitzats"}]},{"@type":"WebSite","@id":"http:\/\/evolutinteriordesign.com\/#website","url":"http:\/\/evolutinteriordesign.com\/","name":"Evolut Interior Design","description":"","publisher":{"@id":"http:\/\/evolutinteriordesign.com\/#organization"},"potentialAction":[{"@type":"SearchAction","target":{"@type":"EntryPoint","urlTemplate":"http:\/\/evolutinteriordesign.com\/?s={search_term_string}"},"query-input":{"@type":"PropertyValueSpecification","valueRequired":true,"valueName":"search_term_string"}}],"inLanguage":"ca"},{"@type":"Organization","@id":"http:\/\/evolutinteriordesign.com\/#organization","name":"Evolut Interior Design","url":"http:\/\/evolutinteriordesign.com\/","logo":{"@type":"ImageObject","inLanguage":"ca","@id":"http:\/\/evolutinteriordesign.com\/#\/schema\/logo\/image\/","url":"http:\/\/evolutinteriordesign.com\/wp-content\/uploads\/2024\/08\/logo-evolut-blanco.svg","contentUrl":"http:\/\/evolutinteriordesign.com\/wp-content\/uploads\/2024\/08\/logo-evolut-blanco.svg","width":"1024","height":"1024","caption":"Evolut Interior Design"},"image":{"@id":"http:\/\/evolutinteriordesign.com\/#\/schema\/logo\/image\/"}}]}},"_links":{"self":[{"href":"https:\/\/evolutinteriordesign.com\/ca\/wp-json\/wp\/v2\/pages\/882","targetHints":{"allow":["GET"]}}],"collection":[{"href":"https:\/\/evolutinteriordesign.com\/ca\/wp-json\/wp\/v2\/pages"}],"about":[{"href":"https:\/\/evolutinteriordesign.com\/ca\/wp-json\/wp\/v2\/types\/page"}],"author":[{"embeddable":true,"href":"https:\/\/evolutinteriordesign.com\/ca\/wp-json\/wp\/v2\/users\/1"}],"replies":[{"embeddable":true,"href":"https:\/\/evolutinteriordesign.com\/ca\/wp-json\/wp\/v2\/comments?post=882"}],"version-history":[{"count":6,"href":"https:\/\/evolutinteriordesign.com\/ca\/wp-json\/wp\/v2\/pages\/882\/revisions"}],"predecessor-version":[{"id":1019,"href":"https:\/\/evolutinteriordesign.com\/ca\/wp-json\/wp\/v2\/pages\/882\/revisions\/1019"}],"wp:attachment":[{"href":"https:\/\/evolutinteriordesign.com\/ca\/wp-json\/wp\/v2\/media?parent=882"}],"curies":[{"name":"wp","href":"https:\/\/api.w.org\/{rel}","templated":true}]}}